{"id":14,"date":"2017-03-27T17:15:07","date_gmt":"2017-03-27T15:15:07","guid":{"rendered":"http:\/\/www.schodykope.cz\/?page_id=14"},"modified":"2018-01-02T18:54:19","modified_gmt":"2018-01-02T17:54:19","slug":"home","status":"publish","type":"page","link":"https:\/\/www.schodykope.cz\/","title":{"rendered":"\u00davod"},"content":{"rendered":"<ul>\n<li>\n<h3>V\u00fdroba d\u0159ev\u011bn\u00fdch schodi\u0161\u0165<\/h3>\n<ul>\n<li>\n<h4>do novostaveb<\/h4>\n<\/li>\n<li>\n<h4>do nov\u00fdch byt\u016f v p\u016fdn\u00edch prostor\u00e1ch<\/h4>\n<\/li>\n<li>\n<h4>v mezonetov\u00fdch bytech<\/h4>\n<\/li>\n<li>\n<h4>obklad betonov\u00fdch schodi\u0161\u0165<\/h4>\n<\/li>\n<li>\n<h4>v\u00fdm\u011bna vyslou\u017eil\u00fdch schodi\u0161\u0165 ve star\u0161\u00edch domech, v\u010detn\u011b vybour\u00e1n\u00ed&nbsp; a odvozu star\u00e9ho schodi\u0161t\u011b a pot\u0159ebn\u00fdch zednick\u00fdch \u00faprav pro usazen\u00ed nov\u00e9ho<\/h4>\n<div>&nbsp;<\/div>\n<\/li>\n<\/ul>\n<\/li>\n<li>\n<h3>V\u00fdroba n\u00e1bytku v\u00fdhradn\u011b z masivu dle Va\u0161eho zad\u00e1n\u00ed.<\/h3>\n<hr>\n<\/li>\n<\/ul>\n<h2 style=\"text-align: center;\"><span style=\"font-size: 18pt;\"><strong>O n\u00e1s<\/strong><\/span><\/h2>\n<p style=\"text-align: center;\"><span style=\"font-size: 14pt;\">Ji\u017e po t\u0159i generace se na\u0161e rodina v\u011bnuje pr\u00e1ci se d\u0159evem. D\u011bda&nbsp;se soust\u0159edil p\u0159ev\u00e1\u017en\u011b na kuchyn\u011b z masivu. Otec se v\u011bnoval restaurov\u00e1n\u00ed star\u00fdch sekret\u00e1\u0159\u016f, p\u0159\u00edborn\u00edk\u016f a lo\u017enic. A j\u00e1 jsem se p\u0159ed deseti lety za\u010dal v drtiv\u00e9 v\u011bt\u0161in\u011b v\u011bnovat d\u0159ev\u011bn\u00fdm schodi\u0161t\u00edm.<\/span><\/p>\n","protected":false},"excerpt":{"rendered":"<p>V\u00fdroba d\u0159ev\u011bn\u00fdch schodi\u0161\u0165 do novostaveb do nov\u00fdch byt\u016f v p\u016fdn\u00edch prostor\u00e1ch v mezonetov\u00fdch bytech obklad betonov\u00fdch schodi\u0161\u0165 v\u00fdm\u011bna vyslou\u017eil\u00fdch schodi\u0161\u0165 ve star\u0161\u00edch domech, v\u010detn\u011b vybour\u00e1n\u00ed&nbsp; a odvozu star\u00e9ho schodi\u0161t\u011b a pot\u0159ebn\u00fdch zednick\u00fdch \u00faprav pro usazen\u00ed nov\u00e9ho &nbsp; V\u00fdroba n\u00e1bytku v\u00fdhradn\u011b z masivu dle Va\u0161eho zad\u00e1n\u00ed. O n\u00e1s Ji\u017e po t\u0159i generace se na\u0161e rodina v\u011bnuje [&hellip;]<\/p>\n","protected":false},"author":1,"featured_media":0,"parent":0,"menu_order":0,"comment_status":"closed","ping_status":"closed","template":"","meta":{"ngg_post_thumbnail":0,"footnotes":""},"class_list":["post-14","page","type-page","status-publish","hentry"],"aioseo_notices":[],"_links":{"self":[{"href":"https:\/\/www.schodykope.cz\/index.php?rest_route=\/wp\/v2\/pages\/14","targetHints":{"allow":["GET"]}}],"collection":[{"href":"https:\/\/www.schodykope.cz\/index.php?rest_route=\/wp\/v2\/pages"}],"about":[{"href":"https:\/\/www.schodykope.cz\/index.php?rest_route=\/wp\/v2\/types\/page"}],"author":[{"embeddable":true,"href":"https:\/\/www.schodykope.cz\/index.php?rest_route=\/wp\/v2\/users\/1"}],"replies":[{"embeddable":true,"href":"https:\/\/www.schodykope.cz\/index.php?rest_route=%2Fwp%2Fv2%2Fcomments&post=14"}],"version-history":[{"count":13,"href":"https:\/\/www.schodykope.cz\/index.php?rest_route=\/wp\/v2\/pages\/14\/revisions"}],"predecessor-version":[{"id":267,"href":"https:\/\/www.schodykope.cz\/index.php?rest_route=\/wp\/v2\/pages\/14\/revisions\/267"}],"wp:attachment":[{"href":"https:\/\/www.schodykope.cz\/index.php?rest_route=%2Fwp%2Fv2%2Fmedia&parent=14"}],"curies":[{"name":"wp","href":"https:\/\/api.w.org\/{rel}","templated":true}]}}